{"id":1290,"date":"2017-07-10T22:13:07","date_gmt":"2017-07-11T02:13:07","guid":{"rendered":"https:\/\/crir.ca\/?page_id=1290"},"modified":"2025-10-07T09:41:58","modified_gmt":"2025-10-07T13:41:58","slug":"crir-student-committee","status":"publish","type":"page","link":"https:\/\/crir.ca\/en\/students\/crir-student-committee\/","title":{"rendered":"CRIR Student Committee"},"content":{"rendered":"<h1>CRIR is very pleased to support the next generation of researchers through its student committee. The latter is represented by one student representative of Axis I and Axis 2, as well as one student representative for each of the CRIR institutions.<\/h1>\n<p>The 2 axis student representatives express the views of the student members of CRIR, notably on the Research Orientation Committee (COR), which meets five times a year. The student representatives lead and belong to the student committee, which organizes several activities during the year, including orientation day (new students), the general meeting of students, workshops and conferences that reflect students\u2019 needs, along with the annual student Symposium, held in the winter. These activities are among the privileges that CRIR members enjoy.<\/p>\n<p>Getting involved in the student committee is an experience that is both intellectually and professionally gratifying. It is an enriching way to participate more actively in the life of your research centre. By helping plan student activities you can optimally extend your network and cooperate with other students and researchers from various disciplines, different universities and numerous research centres affiliated with the CRIR.<\/p>\n<p>If you are a student with particular needs and wish to participate in CRIR events, please do not hesitate to inform the CRIR administration.<\/p>\n<div class=\"highlight-box\">\n<p>For more information about the committee and its activities, to join the committee, or for any other questions about CRIR, please email the CRIR administration at: <a href=\"mailto:administration.crir@ssss.gouv.qc.ca\">administration.crir@ssss.gouv.qc.ca<\/a> or contact the CRIR student committee members directly.<\/p>\n<\/div>\n<p>The students are integrated into various research programs and the 2 CRIR research axes. Two student representatives sit on the CRIR Research Orientation Committee (COR) and on other committees on an ad hoc basis, including the Communications Committee, a COR\u00a0 subcommittee.<\/p>\n<ul>\n<li>The call for applications to become part of the CRIR family and its student committee is usually issued in May of each year. CRIR student members are notified by email. Stay tuned!<\/li>\n<\/ul>\n<p>&nbsp;<\/p>\n<hr \/>\n<h1><\/h1>\n<h1><span style=\"color: #808000;\"><strong>2025-2026 CRIR STUDENT COMMITTEE:<\/strong><\/span><\/h1>\n<p>&nbsp;<\/p>\n<h2><strong>CRIR student representatives<\/strong><strong>\u00a0of research axis 1 &amp; 2<\/strong><\/h2>\n<p><strong><br \/>\n<span style=\"color: #808000;\">AXIS 1 \u2014 Sensory, Motor and Cognitive Functions and Activities<\/span><\/strong><\/p>\n<p><strong><img loading=\"lazy\" decoding=\"async\" class=\" wp-image-27583 alignleft\" src=\"https:\/\/crir.ca\/wp-content\/uploads\/2025\/09\/Shirley-Dumassais_2025-217x300.jpg\" alt=\"\" width=\"137\" height=\"190\" srcset=\"https:\/\/crir.ca\/wp-content\/uploads\/2025\/09\/Shirley-Dumassais_2025-217x300.jpg 217w, https:\/\/crir.ca\/wp-content\/uploads\/2025\/09\/Shirley-Dumassais_2025-742x1024.jpg 742w, https:\/\/crir.ca\/wp-content\/uploads\/2025\/09\/Shirley-Dumassais_2025-768x1060.jpg 768w, https:\/\/crir.ca\/wp-content\/uploads\/2025\/09\/Shirley-Dumassais_2025-1112x1536.jpg 1112w, https:\/\/crir.ca\/wp-content\/uploads\/2025\/09\/Shirley-Dumassais_2025-1483x2048.jpg 1483w, https:\/\/crir.ca\/wp-content\/uploads\/2025\/09\/Shirley-Dumassais_2025-17x24.jpg 17w, https:\/\/crir.ca\/wp-content\/uploads\/2025\/09\/Shirley-Dumassais_2025-26x36.jpg 26w, https:\/\/crir.ca\/wp-content\/uploads\/2025\/09\/Shirley-Dumassais_2025-35x48.jpg 35w, https:\/\/crir.ca\/wp-content\/uploads\/2025\/09\/Shirley-Dumassais_2025-scaled.jpg 1854w\" sizes=\"auto, (max-width: 137px) 100vw, 137px\" \/><\/strong><\/p>\n<p>&nbsp;<\/p>\n<p><strong>Shirley Dumassais<br \/>\n<\/strong>Doctoral student in vision science<br \/>\nUniversit\u00e9 de Montr\u00e9al \u2013 School of Optometry, under the supervision of <a href=\"https:\/\/crir.ca\/en\/member\/walter-wittich-ph-d\/\">Walter Wittich <\/a>(Institut Nazareth et Louis-Braille (INLB), CISSS de la Mont\u00e9r\u00e9gie-Centre)<br \/>\n@ <a href=\"mailto:shirley.dumassais@umontreal.ca\">shirley.dumassais@umontreal.ca<\/a><br \/>\n<a href=\"https:\/\/www.linkedin.com\/in\/shirley-dumassais\/\">LinkedIn<\/a><\/p>\n<p>&nbsp;<\/p>\n<p>&nbsp;<\/p>\n<p><span style=\"color: #808000;\"><strong>AXIS 2 \u2014 Participation, Social Inclusion and Rehabilitation Services<\/strong><\/span><\/p>\n<p><strong><img loading=\"lazy\" decoding=\"async\" class=\"wp-image-26951 alignleft\" src=\"https:\/\/crir.ca\/wp-content\/uploads\/2025\/07\/Fatimata-Ouedraogo_2025-225x300.jpg\" alt=\"\" width=\"138\" height=\"184\" srcset=\"https:\/\/crir.ca\/wp-content\/uploads\/2025\/07\/Fatimata-Ouedraogo_2025-225x300.jpg 225w, https:\/\/crir.ca\/wp-content\/uploads\/2025\/07\/Fatimata-Ouedraogo_2025-768x1024.jpg 768w, https:\/\/crir.ca\/wp-content\/uploads\/2025\/07\/Fatimata-Ouedraogo_2025-1152x1536.jpg 1152w, https:\/\/crir.ca\/wp-content\/uploads\/2025\/07\/Fatimata-Ouedraogo_2025-18x24.jpg 18w, https:\/\/crir.ca\/wp-content\/uploads\/2025\/07\/Fatimata-Ouedraogo_2025-27x36.jpg 27w, https:\/\/crir.ca\/wp-content\/uploads\/2025\/07\/Fatimata-Ouedraogo_2025-36x48.jpg 36w, https:\/\/crir.ca\/wp-content\/uploads\/2025\/07\/Fatimata-Ouedraogo_2025.jpg 1440w\" sizes=\"auto, (max-width: 138px) 100vw, 138px\" \/><\/strong><\/p>\n<p><strong><br \/>\nFatimata Ou\u00e9draogo<br \/>\n<\/strong>Doctoral student in rehabilitation science<br \/>\nUniversit\u00e9 de Montr\u00e9al, under the supervision of <a href=\"https:\/\/crir.ca\/en\/member\/dahlia-kairy-pht-ph-d\/\">Dahlia Kairy<\/a> and <a href=\"https:\/\/crir.ca\/en\/member\/marika-demers-ph-d\/\">Marika Demers<\/a> (Institut universitaire sur la r\u00e9adaptation en d\u00e9ficience physique de Montr\u00e9al (IURDPM), CIUSSS du Centre-Sud-de-l\u2019\u00cele-de-Montr\u00e9al).<br \/>\n@ <a href=\"mailto:fatimata.ouedraogo@umontreal.ca\">fatimata.ouedraogo@umontreal.ca<\/a><br \/>\n<a href=\"https:\/\/www.linkedin.com\/in\/fatimata-ouedraogo-843652209\/\">LinkedIn<\/a><\/p>\n<p>&nbsp;<\/p>\n<p>&nbsp;<\/p>\n<h2><strong>CRIR Student Representatives by research site<\/strong><\/h2>\n<h3>CISSS de Laval<\/h3>\n<h4><strong>Jewish Rehabilitation Hospital (JRH)<\/strong><\/h4>\n<p><strong><img loading=\"lazy\" decoding=\"async\" class=\"wp-image-27137 alignleft\" src=\"https:\/\/crir.ca\/wp-content\/uploads\/2025\/08\/Azba-Shaikh_Headshot-226x300.jpeg\" alt=\"\" width=\"142\" height=\"189\" srcset=\"https:\/\/crir.ca\/wp-content\/uploads\/2025\/08\/Azba-Shaikh_Headshot-226x300.jpeg 226w, https:\/\/crir.ca\/wp-content\/uploads\/2025\/08\/Azba-Shaikh_Headshot-773x1024.jpeg 773w, https:\/\/crir.ca\/wp-content\/uploads\/2025\/08\/Azba-Shaikh_Headshot-768x1018.jpeg 768w, https:\/\/crir.ca\/wp-content\/uploads\/2025\/08\/Azba-Shaikh_Headshot-1159x1536.jpeg 1159w, https:\/\/crir.ca\/wp-content\/uploads\/2025\/08\/Azba-Shaikh_Headshot-18x24.jpeg 18w, https:\/\/crir.ca\/wp-content\/uploads\/2025\/08\/Azba-Shaikh_Headshot-27x36.jpeg 27w, https:\/\/crir.ca\/wp-content\/uploads\/2025\/08\/Azba-Shaikh_Headshot-36x48.jpeg 36w, https:\/\/crir.ca\/wp-content\/uploads\/2025\/08\/Azba-Shaikh_Headshot.jpeg 1406w\" sizes=\"auto, (max-width: 142px) 100vw, 142px\" \/><\/strong><\/p>\n<p>&nbsp;<\/p>\n<p><strong>Azba Shaikh<br \/>\n<\/strong>Doctoral student in rehabilitation science<br \/>\nMcGill University, under the supervision of <a href=\"https:\/\/crir.ca\/en\/member\/anouk-lamontagne-pht-ph-d\/\">Anouk Lamontagne<\/a>.<br \/>\n@\u00a0<a href=\"mailto:azba.shaikh@mail.mcgill.ca\">azba.shaikh@mail.mcgill.ca<\/a><br \/>\n<a href=\"https:\/\/www.linkedin.com\/in\/azba-shaikh-258ab3164\/\">LinkedIn<\/a><\/p>\n<p>&nbsp;<\/p>\n<p>&nbsp;<\/p>\n<p><strong><img loading=\"lazy\" decoding=\"async\" class=\"wp-image-27157 alignleft\" src=\"https:\/\/crir.ca\/wp-content\/uploads\/2025\/08\/Dolev_Yissar_Headshot_2025-300x300.jpg\" alt=\"\" width=\"135\" height=\"135\" srcset=\"https:\/\/crir.ca\/wp-content\/uploads\/2025\/08\/Dolev_Yissar_Headshot_2025-300x300.jpg 300w, https:\/\/crir.ca\/wp-content\/uploads\/2025\/08\/Dolev_Yissar_Headshot_2025-150x150.jpg 150w, https:\/\/crir.ca\/wp-content\/uploads\/2025\/08\/Dolev_Yissar_Headshot_2025-24x24.jpg 24w, https:\/\/crir.ca\/wp-content\/uploads\/2025\/08\/Dolev_Yissar_Headshot_2025-36x36.jpg 36w, https:\/\/crir.ca\/wp-content\/uploads\/2025\/08\/Dolev_Yissar_Headshot_2025-48x48.jpg 48w, https:\/\/crir.ca\/wp-content\/uploads\/2025\/08\/Dolev_Yissar_Headshot_2025.jpg 337w\" sizes=\"auto, (max-width: 135px) 100vw, 135px\" \/>Dolev Yissar<br \/>\n<\/strong>Masters student in Integrated Program in Neuroscience (IPN),<br \/>\nMcGill University, under the supervision of <a href=\"https:\/\/crir.ca\/en\/member\/mindy-f-levin-pht-ph-d\/\">Mindy Levin<\/a>.<br \/>\n@ <a href=\"mailto:Dolev.Yissar@mail.mcgill.ca\">dolev.yissar@mail.mcgill.ca<\/a><br \/>\n<a href=\"https:\/\/www.linkedin.com\/in\/dolev-yissar\/\">LinkedIn<\/a><\/p>\n<p>&nbsp;<\/p>\n<p>&nbsp;<\/p>\n<h3>CISSS de la Mont\u00e9r\u00e9gie-Centre<\/h3>\n<h4><strong>Institut Nazareth et Louis-Braille (INLB)<\/strong><\/h4>\n<p><strong><img loading=\"lazy\" decoding=\"async\" class=\" wp-image-27583 alignleft\" src=\"https:\/\/crir.ca\/wp-content\/uploads\/2025\/09\/Shirley-Dumassais_2025-217x300.jpg\" alt=\"\" width=\"137\" height=\"190\" srcset=\"https:\/\/crir.ca\/wp-content\/uploads\/2025\/09\/Shirley-Dumassais_2025-217x300.jpg 217w, https:\/\/crir.ca\/wp-content\/uploads\/2025\/09\/Shirley-Dumassais_2025-742x1024.jpg 742w, https:\/\/crir.ca\/wp-content\/uploads\/2025\/09\/Shirley-Dumassais_2025-768x1060.jpg 768w, https:\/\/crir.ca\/wp-content\/uploads\/2025\/09\/Shirley-Dumassais_2025-1112x1536.jpg 1112w, https:\/\/crir.ca\/wp-content\/uploads\/2025\/09\/Shirley-Dumassais_2025-1483x2048.jpg 1483w, https:\/\/crir.ca\/wp-content\/uploads\/2025\/09\/Shirley-Dumassais_2025-17x24.jpg 17w, https:\/\/crir.ca\/wp-content\/uploads\/2025\/09\/Shirley-Dumassais_2025-26x36.jpg 26w, https:\/\/crir.ca\/wp-content\/uploads\/2025\/09\/Shirley-Dumassais_2025-35x48.jpg 35w, https:\/\/crir.ca\/wp-content\/uploads\/2025\/09\/Shirley-Dumassais_2025-scaled.jpg 1854w\" sizes=\"auto, (max-width: 137px) 100vw, 137px\" \/><\/strong><\/p>\n<p>&nbsp;<\/p>\n<p><strong>Shirley Dumassais<br \/>\n<\/strong>Doctoral student in vision science<br \/>\nUniversit\u00e9 de Montr\u00e9al \u2013 School of Optometry, under the supervision of <a href=\"https:\/\/crir.ca\/en\/member\/walter-wittich-ph-d\/\">Walter Wittich<\/a><br \/>\n@ <a href=\"mailto:shirley.dumassais@umontreal.ca\">shirley.dumassais@umontreal.ca<\/a><br \/>\n<a href=\"https:\/\/www.linkedin.com\/in\/shirley-dumassais\/\">LinkedIn<\/a><\/p>\n<p>&nbsp;<\/p>\n<p>&nbsp;<\/p>\n<h3>CIUSSS du Centre-Sud-de-l\u2019\u00cele-de-Montr\u00e9al (CCSMTL)<\/h3>\n<h4><strong>institut universitaire sur la r\u00e9adaptation en d\u00e9ficience physique de montr\u00e9al (IURDPM)<\/strong><\/h4>\n<p><strong><img loading=\"lazy\" decoding=\"async\" class=\" wp-image-27071 alignleft\" src=\"https:\/\/crir.ca\/wp-content\/uploads\/2025\/07\/Sebastien-Finlay_2025-300x300.jpg\" alt=\"\" width=\"145\" height=\"145\" srcset=\"https:\/\/crir.ca\/wp-content\/uploads\/2025\/07\/Sebastien-Finlay_2025-300x300.jpg 300w, https:\/\/crir.ca\/wp-content\/uploads\/2025\/07\/Sebastien-Finlay_2025-1024x1024.jpg 1024w, https:\/\/crir.ca\/wp-content\/uploads\/2025\/07\/Sebastien-Finlay_2025-150x150.jpg 150w, https:\/\/crir.ca\/wp-content\/uploads\/2025\/07\/Sebastien-Finlay_2025-768x768.jpg 768w, https:\/\/crir.ca\/wp-content\/uploads\/2025\/07\/Sebastien-Finlay_2025-1536x1536.jpg 1536w, https:\/\/crir.ca\/wp-content\/uploads\/2025\/07\/Sebastien-Finlay_2025-2048x2048.jpg 2048w, https:\/\/crir.ca\/wp-content\/uploads\/2025\/07\/Sebastien-Finlay_2025-24x24.jpg 24w, https:\/\/crir.ca\/wp-content\/uploads\/2025\/07\/Sebastien-Finlay_2025-36x36.jpg 36w, https:\/\/crir.ca\/wp-content\/uploads\/2025\/07\/Sebastien-Finlay_2025-48x48.jpg 48w\" sizes=\"auto, (max-width: 145px) 100vw, 145px\" \/><\/strong><\/p>\n<p><strong><br \/>\nS\u00e9bastien Finlay, M.P.O.<br \/>\n<\/strong>Doctoral student in Speech-Language Pathology and Audiology<br \/>\nUniversit\u00e9 de Montr\u00e9al, under the supervision of <a href=\"https:\/\/crir.ca\/en\/member\/2949\/\">Ingrid Verduyckt<\/a> (cr\u00e9neau\u00a0: communication).<br \/>\n@<a href=\"mailto:sebastien.finlay@umontreal.ca\">sebastien.finlay@umontreal.ca<\/a><br \/>\n<a href=\"http:\/\/www.linkedin.com\/in\/sebastienfinlay\">LinkedIn<\/a><\/p>\n<p>&nbsp;<\/p>\n<p><strong><img loading=\"lazy\" decoding=\"async\" class=\"wp-image-27067 alignleft\" src=\"https:\/\/crir.ca\/wp-content\/uploads\/2025\/07\/Lexie-Lancon_2025-242x300.jpg\" alt=\"\" width=\"143\" height=\"177\" srcset=\"https:\/\/crir.ca\/wp-content\/uploads\/2025\/07\/Lexie-Lancon_2025-242x300.jpg 242w, https:\/\/crir.ca\/wp-content\/uploads\/2025\/07\/Lexie-Lancon_2025-19x24.jpg 19w, https:\/\/crir.ca\/wp-content\/uploads\/2025\/07\/Lexie-Lancon_2025-29x36.jpg 29w, https:\/\/crir.ca\/wp-content\/uploads\/2025\/07\/Lexie-Lancon_2025-39x48.jpg 39w, https:\/\/crir.ca\/wp-content\/uploads\/2025\/07\/Lexie-Lancon_2025.jpg 656w\" sizes=\"auto, (max-width: 143px) 100vw, 143px\" \/><\/strong><\/p>\n<p>&nbsp;<\/p>\n<p><strong>Lexie Lan\u00e7on<br \/>\n<\/strong>Doctoral student in Rehabilitation Science,<br \/>\nUniversit\u00e9 de Montr\u00e9al, under the supervision of <a href=\"https:\/\/crir.ca\/en\/member\/marika-demers-ph-d\/\">Marika Demers<\/a> (cr\u00e9neau\u00a0: mobilit\u00e9).<br \/>\n@ <a href=\"mailto:lexie.lancon@umontreal.ca\">lexie.lancon@umontreal.ca<\/a><br \/>\n<a href=\"http:\/\/www.linkedin.com\/in\/lexie-lan\u00e7on\">LinkedIn<\/a><\/p>\n<p>&nbsp;<\/p>\n<p>&nbsp;<\/p>\n<p><strong><img loading=\"lazy\" decoding=\"async\" class=\"wp-image-26951 alignleft\" src=\"https:\/\/crir.ca\/wp-content\/uploads\/2025\/07\/Fatimata-Ouedraogo_2025-225x300.jpg\" alt=\"\" width=\"143\" height=\"191\" srcset=\"https:\/\/crir.ca\/wp-content\/uploads\/2025\/07\/Fatimata-Ouedraogo_2025-225x300.jpg 225w, https:\/\/crir.ca\/wp-content\/uploads\/2025\/07\/Fatimata-Ouedraogo_2025-768x1024.jpg 768w, https:\/\/crir.ca\/wp-content\/uploads\/2025\/07\/Fatimata-Ouedraogo_2025-1152x1536.jpg 1152w, https:\/\/crir.ca\/wp-content\/uploads\/2025\/07\/Fatimata-Ouedraogo_2025-18x24.jpg 18w, https:\/\/crir.ca\/wp-content\/uploads\/2025\/07\/Fatimata-Ouedraogo_2025-27x36.jpg 27w, https:\/\/crir.ca\/wp-content\/uploads\/2025\/07\/Fatimata-Ouedraogo_2025-36x48.jpg 36w, https:\/\/crir.ca\/wp-content\/uploads\/2025\/07\/Fatimata-Ouedraogo_2025.jpg 1440w\" sizes=\"auto, (max-width: 143px) 100vw, 143px\" \/><\/strong><\/p>\n<p>&nbsp;<\/p>\n<p><strong>Fatimata Ou\u00e9draogo<\/strong><br \/>\nDoctoral student in rehabilitation science<br \/>\nUniversit\u00e9 de Montr\u00e9al, under the supervision of <a href=\"https:\/\/crir.ca\/en\/member\/dahlia-kairy-pht-ph-d\/\">Dahlia Kairy<\/a> (cr\u00e9neau : environnement) and <a href=\"https:\/\/crir.ca\/en\/member\/marika-demers-ph-d\/\">Marika Demers<\/a> (cr\u00e9neau\u00a0: mobilit\u00e9).<br \/>\n@ <a href=\"mailto:fatimata.ouedraogo@umontreal.ca\">fatimata.ouedraogo@umontreal.ca<\/a><br \/>\n<a href=\"https:\/\/www.linkedin.com\/in\/fatimata-ouedraogo-843652209\/\">LinkedIn<\/a><\/p>\n<p>&nbsp;<\/p>\n<p>&nbsp;<\/p>\n<h3>CIUSSS west-central montreal (CWMTL)<\/h3>\n<h4><strong>Lethbridge-layton-mackay Rehabilitation Centre (LLMRC)<\/strong><\/h4>\n<p><span style=\"color: #ff0000;\"><strong><img loading=\"lazy\" decoding=\"async\" class=\"wp-image-27069 alignleft\" src=\"https:\/\/crir.ca\/wp-content\/uploads\/2025\/07\/Mahmoud-Abo-Alfa_2025-214x300.jpg\" alt=\"\" width=\"127\" height=\"179\" srcset=\"https:\/\/crir.ca\/wp-content\/uploads\/2025\/07\/Mahmoud-Abo-Alfa_2025-214x300.jpg 214w, https:\/\/crir.ca\/wp-content\/uploads\/2025\/07\/Mahmoud-Abo-Alfa_2025-732x1024.jpg 732w, https:\/\/crir.ca\/wp-content\/uploads\/2025\/07\/Mahmoud-Abo-Alfa_2025-768x1075.jpg 768w, https:\/\/crir.ca\/wp-content\/uploads\/2025\/07\/Mahmoud-Abo-Alfa_2025-1097x1536.jpg 1097w, https:\/\/crir.ca\/wp-content\/uploads\/2025\/07\/Mahmoud-Abo-Alfa_2025-1463x2048.jpg 1463w, https:\/\/crir.ca\/wp-content\/uploads\/2025\/07\/Mahmoud-Abo-Alfa_2025-17x24.jpg 17w, https:\/\/crir.ca\/wp-content\/uploads\/2025\/07\/Mahmoud-Abo-Alfa_2025-26x36.jpg 26w, https:\/\/crir.ca\/wp-content\/uploads\/2025\/07\/Mahmoud-Abo-Alfa_2025-34x48.jpg 34w, https:\/\/crir.ca\/wp-content\/uploads\/2025\/07\/Mahmoud-Abo-Alfa_2025.jpg 1772w\" sizes=\"auto, (max-width: 127px) 100vw, 127px\" \/><\/strong><\/span><\/p>\n<p>&nbsp;<\/p>\n<p><strong>Mahmoud Abo Alfa<br \/>\n<\/strong>Doctoral student in Rehabilitation Science<br \/>\nMcGill University, under the supervision of <a href=\"https:\/\/crir.ca\/en\/member\/dana-anaby-ph-d\/\">Sara Ahmed\u00a0<\/a>(Constance-Lethbridge Site).<strong><br \/>\n<\/strong>@\u00a0<a href=\"mailto:mahmoud.aboalfa@mail.mcgill.ca\">mahmoud.aboalfa@mail.mcgill.ca<\/a><br \/>\n<a href=\"https:\/\/linktr.ee\/mhmoudaboalfapt\">LinkedIn<\/a><\/p>\n<p><strong>\u00a0<\/strong><\/p>\n<p>&nbsp;<\/p>\n<p><strong><img loading=\"lazy\" decoding=\"async\" class=\" wp-image-23761 alignleft\" src=\"https:\/\/crir.ca\/wp-content\/uploads\/2024\/06\/Mannat-Madan_CRLLM_MAB-286x300.jpg\" alt=\"\" width=\"128\" height=\"134\" srcset=\"https:\/\/crir.ca\/wp-content\/uploads\/2024\/06\/Mannat-Madan_CRLLM_MAB-286x300.jpg 286w, https:\/\/crir.ca\/wp-content\/uploads\/2024\/06\/Mannat-Madan_CRLLM_MAB-976x1024.jpg 976w, https:\/\/crir.ca\/wp-content\/uploads\/2024\/06\/Mannat-Madan_CRLLM_MAB-768x806.jpg 768w, https:\/\/crir.ca\/wp-content\/uploads\/2024\/06\/Mannat-Madan_CRLLM_MAB-1464x1536.jpg 1464w, https:\/\/crir.ca\/wp-content\/uploads\/2024\/06\/Mannat-Madan_CRLLM_MAB-24x24.jpg 24w, https:\/\/crir.ca\/wp-content\/uploads\/2024\/06\/Mannat-Madan_CRLLM_MAB-34x36.jpg 34w, https:\/\/crir.ca\/wp-content\/uploads\/2024\/06\/Mannat-Madan_CRLLM_MAB-46x48.jpg 46w, https:\/\/crir.ca\/wp-content\/uploads\/2024\/06\/Mannat-Madan_CRLLM_MAB.jpg 1920w\" sizes=\"auto, (max-width: 128px) 100vw, 128px\" \/><br \/>\nMannat Madan<br \/>\n<\/strong>Masters student in Rehabilitation Science<em><br \/>\n<\/em>McGill University, under the supervision of <a href=\"https:\/\/crir.ca\/en\/member\/dana-anaby-ph-d\/\">Dana Anaby<\/a> (Layton-Mackay Site).<strong><br \/>\n<\/strong>@ <a href=\"mailto:mannat.madan@mail.mcgill.ca\">mannat.madan@mail.mcgill.ca<\/a><br \/>\n<a href=\"https:\/\/www.linkedin.com\/in\/mannat-m-09252419b\/\">LinkedIn<\/a><\/p>\n<p>&nbsp;<\/p>\n<div class=\"highlight-box\">\n<p><strong>YOUR STUDENT COMMITTEE<\/strong><\/p>\n<ul>\n<li>Representatives of CRIR research axes 1 &amp; 2: <strong>Shirley Dumassais (Axis 1) and<\/strong><strong> Fatimata Ou\u00e9draogo (Axis 2)<\/strong><\/li>\n<li>Representatives of CRIR Sites: <strong>Mahmoud Abo Alfa (LLMRC), Shirley Dumassais (INLB), S\u00e9bastien Finlay (IURDPM), Lexie Lan\u00e7on (IURDPM), Mannat Madan (LLMRC), Fatimata Ou\u00e9draogo (IURDPM), Azba Shaikh (JRH), Dolev Yissar (JRH)<\/strong><\/li>\n<\/ul>\n<\/div>\n<p>&nbsp;<\/p>\n<h3>Previous CRIR STUDENT COMMITTEES<\/h3>\n<ul>\n<li><a href=\"https:\/\/crir.ca\/wp-content\/uploads\/2025\/07\/CRIR-Student-Committee_2024-2025.pdf\">Student Committe 2024-2025<\/a><\/li>\n<li><a href=\"https:\/\/crir.ca\/wp-content\/uploads\/2024\/07\/Comite-etudiant-2023-2024_EN.pdf\">Student Committee 2023-2024<\/a><\/li>\n<li><a href=\"https:\/\/crir.ca\/wp-content\/uploads\/2023\/07\/Comit\u00e9-\u00e9tudiant-2022-2023_EN.docx.pdf\">Student Committee 2022-2023<\/a><\/li>\n<li><a href=\"https:\/\/crir.ca\/wp-content\/uploads\/2022\/07\/Comit\u00e9-\u00e9tudiant-2021-2022.pdf\">Student Committee 2021-2022<\/a><\/li>\n<li><a href=\"https:\/\/crir.ca\/wp-content\/uploads\/2022\/07\/Comit\u00e9-\u00e9tudiant-2020-2021.pdf\">Student Committee 2020-2021<\/a><\/li>\n<li><a href=\"https:\/\/crir.ca\/wp-content\/uploads\/2022\/07\/Comit\u00e9-\u00e9tudiant-2019-2020.pdf\">Student Committee 2019-2020<\/a><\/li>\n<li><a href=\"https:\/\/crir.ca\/wp-content\/uploads\/2022\/07\/Comit\u00e9-\u00e9tudiant-2018-2019.pdf\">Student Committee 2018-2019<\/a><\/li>\n<li><a href=\"https:\/\/crir.ca\/wp-content\/uploads\/2022\/07\/Comit\u00e9-\u00e9tudiant-2017-2018.pdf\">Student Committee 2017-2018<\/a><\/li>\n<li><a href=\"https:\/\/crir.ca\/wp-content\/uploads\/2022\/07\/Comit\u00e9-\u00e9tudiant-2016-2017.pdf\">Student Committee 2016-2017<\/a><\/li>\n<li><a href=\"https:\/\/crir.ca\/wp-content\/uploads\/2022\/07\/Comit\u00e9-\u00e9tudiant-2015-2016.pdf\">Student Committee 2015-2016<\/a><\/li>\n<\/ul>\n","protected":false},"excerpt":{"rendered":"<p>CRIR is very pleased to support the next generation of researchers through its student committee. The latter is represented by one student representative of Axis I and Axis 2, as well as one student representative for each of the CRIR&#8230;<br \/><a href=\"https:\/\/crir.ca\/en\/students\/crir-student-committee\/\" class=\"read-more btn\">Read more <span class=\"sr-only\">about CRIR Student Committee<\/span><\/a><\/p>\n","protected":false},"author":1,"featured_media":0,"parent":1283,"menu_order":0,"comment_status":"closed","ping_status":"closed","template":"","meta":{"_acf_changed":false,"footnotes":""},"class_list":["post-1290","page","type-page","status-publish","hentry"],"acf":[],"_links":{"self":[{"href":"https:\/\/crir.ca\/en\/wp-json\/wp\/v2\/pages\/1290","targetHints":{"allow":["GET"]}}],"collection":[{"href":"https:\/\/crir.ca\/en\/wp-json\/wp\/v2\/pages"}],"about":[{"href":"https:\/\/crir.ca\/en\/wp-json\/wp\/v2\/types\/page"}],"author":[{"embeddable":true,"href":"https:\/\/crir.ca\/en\/wp-json\/wp\/v2\/users\/1"}],"replies":[{"embeddable":true,"href":"https:\/\/crir.ca\/en\/wp-json\/wp\/v2\/comments?post=1290"}],"version-history":[{"count":97,"href":"https:\/\/crir.ca\/en\/wp-json\/wp\/v2\/pages\/1290\/revisions"}],"predecessor-version":[{"id":27819,"href":"https:\/\/crir.ca\/en\/wp-json\/wp\/v2\/pages\/1290\/revisions\/27819"}],"up":[{"embeddable":true,"href":"https:\/\/crir.ca\/en\/wp-json\/wp\/v2\/pages\/1283"}],"wp:attachment":[{"href":"https:\/\/crir.ca\/en\/wp-json\/wp\/v2\/media?parent=1290"}],"curies":[{"name":"wp","href":"https:\/\/api.w.org\/{rel}","templated":true}]}}